{"id":1869,"date":"2025-08-25T16:11:06","date_gmt":"2025-08-25T14:11:06","guid":{"rendered":"https:\/\/versundroitneuroethique.eu\/?page_id=1869"},"modified":"2025-09-15T11:12:50","modified_gmt":"2025-09-15T09:12:50","slug":"atelier-design","status":"publish","type":"page","link":"https:\/\/versundroitneuroethique.eu\/index.php\/atelier-design\/","title":{"rendered":"Atelier Design"},"content":{"rendered":"\t\t<div data-elementor-type=\"wp-page\" data-elementor-id=\"1869\" class=\"elementor elementor-1869\">\n\t\t\t\t\t\t\t\t\t<section class=\"elementor-section elementor-top-section elementor-element elementor-element-287f22d elementor-section-height-min-height elementor-section-content-middle elementor-section-stretched elementor-section-boxed elementor-section-height-default elementor-section-items-middle\" data-id=\"287f22d\" data-element_type=\"section\" data-settings=\"{&quot;stretch_section&quot;:&quot;section-stretched&quot;,&quot;background_background&quot;:&quot;classic&quot;}\">\n\t\t\t\t\t\t<div class=\"elementor-container elementor-column-gap-custom\">\n\t\t\t\t\t<div class=\"elementor-column elementor-col-100 elementor-top-column elementor-element elementor-element-6393458\" data-id=\"6393458\" data-element_type=\"column\">\n\t\t\t<div class=\"elementor-widget-wrap elementor-element-populated\">\n\t\t\t\t\t\t\t\t<div class=\"elementor-element elementor-element-e6601b5 elementor-widget elementor-widget-heading\" data-id=\"e6601b5\" data-element_type=\"widget\" data-widget_type=\"heading.default\">\n\t\t\t\t<div class=\"elementor-widget-container\">\n\t\t\t<style>\/*! elementor - v3.16.0 - 09-10-2023 *\/\n.elementor-heading-title{padding:0;margin:0;line-height:1}.elementor-widget-heading .elementor-heading-title[class*=elementor-size-]>a{color:inherit;font-size:inherit;line-height:inherit}.elementor-widget-heading .elementor-heading-title.elementor-size-small{font-size:15px}.elementor-widget-heading .elementor-heading-title.elementor-size-medium{font-size:19px}.elementor-widget-heading .elementor-heading-title.elementor-size-large{font-size:29px}.elementor-widget-heading .elementor-heading-title.elementor-size-xl{font-size:39px}.elementor-widget-heading .elementor-heading-title.elementor-size-xxl{font-size:59px}<\/style><h2 class=\"elementor-heading-title elementor-size-default\">Atelier Design<\/h2>\t\t<\/div>\n\t\t\t\t<\/div>\n\t\t\t\t<div class=\"elementor-element elementor-element-a553da4 elementor-widget-divider--view-line elementor-widget elementor-widget-divider\" data-id=\"a553da4\" data-element_type=\"widget\" data-widget_type=\"divider.default\">\n\t\t\t\t<div class=\"elementor-widget-container\">\n\t\t\t<style>\/*! elementor - v3.16.0 - 09-10-2023 *\/\n.elementor-widget-divider{--divider-border-style:none;--divider-border-width:1px;--divider-color:#0c0d0e;--divider-icon-size:20px;--divider-element-spacing:10px;--divider-pattern-height:24px;--divider-pattern-size:20px;--divider-pattern-url:none;--divider-pattern-repeat:repeat-x}.elementor-widget-divider .elementor-divider{display:flex}.elementor-widget-divider .elementor-divider__text{font-size:15px;line-height:1;max-width:95%}.elementor-widget-divider .elementor-divider__element{margin:0 var(--divider-element-spacing);flex-shrink:0}.elementor-widget-divider .elementor-icon{font-size:var(--divider-icon-size)}.elementor-widget-divider .elementor-divider-separator{display:flex;margin:0;direction:ltr}.elementor-widget-divider--view-line_icon .elementor-divider-separator,.elementor-widget-divider--view-line_text .elementor-divider-separator{align-items:center}.elementor-widget-divider--view-line_icon .elementor-divider-separator:after,.elementor-widget-divider--view-line_icon .elementor-divider-separator:before,.elementor-widget-divider--view-line_text .elementor-divider-separator:after,.elementor-widget-divider--view-line_text .elementor-divider-separator:before{display:block;content:\"\";border-bottom:0;flex-grow:1;border-top:var(--divider-border-width) var(--divider-border-style) var(--divider-color)}.elementor-widget-divider--element-align-left .elementor-divider .elementor-divider-separator>.elementor-divider__svg:first-of-type{flex-grow:0;flex-shrink:100}.elementor-widget-divider--element-align-left .elementor-divider-separator:before{content:none}.elementor-widget-divider--element-align-left .elementor-divider__element{margin-left:0}.elementor-widget-divider--element-align-right .elementor-divider .elementor-divider-separator>.elementor-divider__svg:last-of-type{flex-grow:0;flex-shrink:100}.elementor-widget-divider--element-align-right .elementor-divider-separator:after{content:none}.elementor-widget-divider--element-align-right .elementor-divider__element{margin-right:0}.elementor-widget-divider:not(.elementor-widget-divider--view-line_text):not(.elementor-widget-divider--view-line_icon) .elementor-divider-separator{border-top:var(--divider-border-width) var(--divider-border-style) var(--divider-color)}.elementor-widget-divider--separator-type-pattern{--divider-border-style:none}.elementor-widget-divider--separator-type-pattern.elementor-widget-divider--view-line .elementor-divider-separator,.elementor-widget-divider--separator-type-pattern:not(.elementor-widget-divider--view-line) .elementor-divider-separator:after,.elementor-widget-divider--separator-type-pattern:not(.elementor-widget-divider--view-line) .elementor-divider-separator:before,.elementor-widget-divider--separator-type-pattern:not([class*=elementor-widget-divider--view]) .elementor-divider-separator{width:100%;min-height:var(--divider-pattern-height);-webkit-mask-size:var(--divider-pattern-size) 100%;mask-size:var(--divider-pattern-size) 100%;-webkit-mask-repeat:var(--divider-pattern-repeat);mask-repeat:var(--divider-pattern-repeat);background-color:var(--divider-color);-webkit-mask-image:var(--divider-pattern-url);mask-image:var(--divider-pattern-url)}.elementor-widget-divider--no-spacing{--divider-pattern-size:auto}.elementor-widget-divider--bg-round{--divider-pattern-repeat:round}.rtl .elementor-widget-divider .elementor-divider__text{direction:rtl}.e-con-inner>.elementor-widget-divider,.e-con>.elementor-widget-divider{width:var(--container-widget-width,100%);--flex-grow:var(--container-widget-flex-grow)}<\/style>\t\t<div class=\"elementor-divider\">\n\t\t\t<span class=\"elementor-divider-separator\">\n\t\t\t\t\t\t<\/span>\n\t\t<\/div>\n\t\t\t\t<\/div>\n\t\t\t\t<\/div>\n\t\t\t\t\t<\/div>\n\t\t<\/div>\n\t\t\t\t\t\t\t<\/div>\n\t\t<\/section>\n\t\t<div class=\"elementor-element elementor-element-7ca2d9d e-con-full e-flex e-con e-parent\" data-id=\"7ca2d9d\" data-element_type=\"container\" data-settings=\"{&quot;content_width&quot;:&quot;full&quot;}\" data-core-v316-plus=\"true\">\n\t\t\t\t<div class=\"elementor-element elementor-element-8e153f8 elementor-widget elementor-widget-text-editor\" data-id=\"8e153f8\" data-element_type=\"widget\" data-widget_type=\"text-editor.default\">\n\t\t\t\t<div class=\"elementor-widget-container\">\n\t\t\t<style>\/*! elementor - v3.16.0 - 09-10-2023 *\/\n.elementor-widget-text-editor.elementor-drop-cap-view-stacked .elementor-drop-cap{background-color:#69727d;color:#fff}.elementor-widget-text-editor.elementor-drop-cap-view-framed .elementor-drop-cap{color:#69727d;border:3px solid;background-color:transparent}.elementor-widget-text-editor:not(.elementor-drop-cap-view-default) .elementor-drop-cap{margin-top:8px}.elementor-widget-text-editor:not(.elementor-drop-cap-view-default) .elementor-drop-cap-letter{width:1em;height:1em}.elementor-widget-text-editor .elementor-drop-cap{float:left;text-align:center;line-height:1;font-size:50px}.elementor-widget-text-editor .elementor-drop-cap-letter{display:inline-block}<\/style>\t\t\t\t<p style=\"font-weight: 400;\">En collaboration avec l\u2019\u00c9cole nationale sup\u00e9rieure de cr\u00e9ation industrielle (ENSCI), nous avons propos\u00e9 un nouvel atelier dans le prolongement de nos pr\u00e9c\u00e9dents \u00e9changes sur l\u2019\u00e9mergence d\u2019un droit neuro-\u00e9thique afin de lutter contre les pratiques num\u00e9riques d\u2019influence et de manipulation des consommateurs.<\/p><p style=\"font-weight: 400;\">Cet atelier, intitul\u00e9 \u00ab <strong>Vers un design neuro-\u00e9thique ?<\/strong> \u00bb, \u00e9tait organis\u00e9 sous la direction scientifique de <strong>Fabien Lechevalier<\/strong>, doctorant en droit \u00e0 l\u2019Universit\u00e9 Paris-Saclay, et <strong>Estelle Hary<\/strong>, Designer et doctorante en Design, RMIT (School of Design). Il a eu pour objectif d\u2019expliquer ce qu\u2019est le design et de montrer comment il pourrait \u00eatre utilement mis au service d\u2019une lutte efficace contre les pratiques manipulatoires et addictives. Il s\u2019est inscrit dans un dialogue entre designers et juristes, avec en ligne de mire, la lutte contre les\u00a0<em>deceptives ou dark patterns<\/em>.<\/p><p style=\"font-weight: 400;\">Il a eu lieu\u00a0le\u00a0jeudi\u00a013 mars 2025\u00a0de 14 h \u00e0 18 h\u00a0dans les locaux de\u00a0L\u2019ENSCI.<\/p><p style=\"font-weight: 400;\">Sont successivement intervenus :<\/p><ul><li><strong>Nolwenn<\/strong> <strong>MAUDET<\/strong>, Designer d\u2019interaction et chercheuse en design \u2013 Ma\u00eetre de conf\u00e9rences \u00e0 l\u2019universit\u00e9 de Strasbourg \u00a0: <strong>le pouvoir des interfaces<\/strong>.\u00a0<span style=\"text-decoration: underline;\"><a href=\"https:\/\/versundroitneuroethique.eu\/wp-content\/uploads\/2025\/09\/Nolwenn-Maudet-Design-Neuro-ethique.pdf\">Visionner le support de pr\u00e9sentation de N. Maudet ici<\/a>\u00a0<\/span><em>&#8211; Consulter la bio et r\u00e9\u00e9couter la vid\u00e9o de pr\u00e9sentation du contributeur ci-dessous<br \/><br \/><\/em><\/li><li><strong>Table ronde 1 : Design &amp; manipulation, tour d\u2019horizon des pratiques actuelles : <\/strong><strong>Karl PINEAU<\/strong>, Directeur du M\u00e9dia Design Lab de l\u2019\u00c9cole Nantes-Atlantique;\u00a0<strong>Melissa PORTILLA<\/strong>, Designer \u2013 Behavioural Insight Team de l\u2019agence BIT;\u00a0<strong>Thomas ADHUMEAU<\/strong>, Chief Privacy Officer chez Didomi &#8211; <em>&#8211; Consulter les bios des contributeurs et r\u00e9\u00e9couter la vid\u00e9o de la table ronde 1 ci-dessous<br \/><br \/><\/em><\/li><li><strong>Flora BROCHIER<\/strong>, Designer responsable de recherche Dark patterns chez Designers \u00c9thiques <em>&#8211;<\/em><span style=\"text-decoration: underline;\"> <a href=\"https:\/\/versundroitneuroethique.eu\/wp-content\/uploads\/2025\/09\/Presentation-Vers-un-droit-neuro-ethique-F.-Brochier-.pdf\">Visionner le support de pr\u00e9sentation de F. Brochier ici<\/a><\/span>\u00a0&#8211; <em>Consulter la bio et r\u00e9\u00e9couter la vid\u00e9o de pr\u00e9sentation du contributeur ci-dessous<br \/><br \/><\/em><\/li><li><strong>Marie POTEL SAVILLE<\/strong>, CEO \u2013 Fairpatterns \/ Experte \u00ab dark patterns \u00bb \u00e0 l\u2019EDPB <em>&#8211; Consulter la bio et r\u00e9\u00e9couter la vid\u00e9o de pr\u00e9sentation du contributeur ci-dessous<br \/><br \/><\/em><\/li><li style=\"font-weight: 400;\"><strong>Table ronde 2 : Faire entrer le Design dans la r\u00e9gulation:\u00a0<\/strong><strong>Colin GRAY<\/strong>, Professeur associ\u00e9 \u00e0 l\u2019Universit\u00e9 de l\u2019Indiana \u00e0 Bloomington; <strong>Audrey PETY<\/strong>, Designer au Laboratoire d\u2019Innovation Num\u00e9rique de la CNIL; <strong>Tasos STAMPELOS<\/strong>,\u00a0 Public Policy &amp; Government Relations @Mozilla &#8211; <em>Consulter les bios des contributeurs et r\u00e9\u00e9couter la vid\u00e9o de la table ronde 2 ci-dessous<br \/><br \/><\/em><\/li><li><strong>Dominique BOULLIER<\/strong>, Professeur des universit\u00e9s en sociologie, Sciences Po<strong>: le design pour habiter le num\u00e9rique ? <\/strong><span style=\"text-decoration: underline;\"><a href=\"https:\/\/versundroitneuroethique.eu\/wp-content\/uploads\/2025\/09\/Dominique_BOULLIER.pdf\">Visionner le support de pr\u00e9sentation de D. Boullier ici<\/a><\/span><em>\u00a0&#8211; Consulter la bio et r\u00e9\u00e9couter la vid\u00e9o de pr\u00e9sentation du contributeur ci-dessous<\/em><\/li><\/ul>\t\t\t\t\t\t<\/div>\n\t\t\t\t<\/div>\n\t\t\t\t<\/div>\n\t\t<div class=\"elementor-element elementor-element-ea274f6 e-con-full e-flex e-con e-parent\" data-id=\"ea274f6\" data-element_type=\"container\" data-settings=\"{&quot;content_width&quot;:&quot;full&quot;}\" data-core-v316-plus=\"true\">\n\t\t\t\t<div class=\"elementor-element elementor-element-56dc56d elementor-widget elementor-widget-heading\" data-id=\"56dc56d\" data-element_type=\"widget\" data-widget_type=\"heading.default\">\n\t\t\t\t<div class=\"elementor-widget-container\">\n\t\t\t<h2 class=\"elementor-heading-title elementor-size-default\">Br\u00e8ve pr\u00e9sentation des contributeurs (dans l\u2019ordre des prises de parole)<\/h2>\t\t<\/div>\n\t\t\t\t<\/div>\n\t\t\t\t<\/div>\n\t\t<div class=\"elementor-element elementor-element-86061fd e-con-full e-flex e-con e-parent\" data-id=\"86061fd\" data-element_type=\"container\" data-settings=\"{&quot;content_width&quot;:&quot;full&quot;}\" data-core-v316-plus=\"true\">\n\t\t<div class=\"elementor-element elementor-element-a2b0177 e-con-full e-flex e-con e-child\" data-id=\"a2b0177\" data-element_type=\"container\" data-settings=\"{&quot;content_width&quot;:&quot;full&quot;}\">\n\t\t\t\t<div class=\"elementor-element elementor-element-9665736 elementor-widget elementor-widget-image\" data-id=\"9665736\" data-element_type=\"widget\" data-widget_type=\"image.default\">\n\t\t\t\t<div class=\"elementor-widget-container\">\n\t\t\t<style>\/*! elementor - v3.16.0 - 09-10-2023 *\/\n.elementor-widget-image{text-align:center}.elementor-widget-image a{display:inline-block}.elementor-widget-image a img[src$=\".svg\"]{width:48px}.elementor-widget-image img{vertical-align:middle;display:inline-block}<\/style>\t\t\t\t\t\t\t\t\t\t\t\t<img decoding=\"async\" src=\"https:\/\/versundroitneuroethique.eu\/wp-content\/uploads\/elementor\/thumbs\/F_Lechevalier-rbsaet0tl5lzlkgz0gy1zw0td5qncs1ct6oggiqztc.png\" title=\"F_Lechevalier\" alt=\"F_Lechevalier\" loading=\"lazy\" \/>\t\t\t\t\t\t\t\t\t\t\t\t\t\t\t<\/div>\n\t\t\t\t<\/div>\n\t\t\t\t<\/div>\n\t\t<div class=\"elementor-element elementor-element-05f5ce6 e-con-full e-flex e-con e-child\" data-id=\"05f5ce6\" data-element_type=\"container\" data-settings=\"{&quot;content_width&quot;:&quot;full&quot;}\">\n\t\t\t\t<div class=\"elementor-element elementor-element-0e8ee73 elementor-widget elementor-widget-text-editor\" data-id=\"0e8ee73\" data-element_type=\"widget\" data-widget_type=\"text-editor.default\">\n\t\t\t\t<div class=\"elementor-widget-container\">\n\t\t\t\t\t\t\t<p><strong>Fabien Lechevalier<\/strong> doctorant en Droit et \u00c9conomie \u00e0 l\u2019Universit\u00e9 Paris-Saclay en cotutelle avec l\u2019Universit\u00e9 Laval (Canada). Dipl\u00f4m\u00e9 en Droit, \u00c9conomie &amp; Management, il s\u2019est sp\u00e9cialis\u00e9 \u00e0 Paris-Saclay, SciencesPo Paris &amp; T\u00e9l\u00e9com Paris sur les disciplines li\u00e9es \u00e0 l\u2019innovation (droit du num\u00e9rique, propri\u00e9t\u00e9 intellectuelle, legal design\u2026). Ses\u00a0recherches\u00a0men\u00e9es\u00a0au\u00a0Centre\u00a0d\u2019\u00c9tudes\u00a0et\u00a0de\u00a0Recherche\u00a0en\u00a0Droit\u00a0de\u00a0l\u2019Immat\u00e9riel\u00a0(CERDI)\u00a0et\u00a0\u00e0\u00a0l\u2019Observatoire\u00a0international\u00a0sur\u00a0les\u00a0impacts\u00a0soci\u00e9taux\u00a0de\u00a0l\u2019IA\u00a0et\u00a0du\u00a0num\u00e9rique\u00a0(OBVIA)\u00a0se\u00a0concentrent\u00a0sur\u00a0la\u00a0r\u00e9vision\u00a0des\u00a0fondements\u00a0individualistes\u00a0du\u00a0droit\u00a0\u00e0\u00a0la\u00a0vie\u00a0priv\u00e9e\u00a0informationnelle,\u00a0et\u00a0par\u00a0ce\u00a0biais\u00a0l\u2019am\u00e8nent\u00a0\u00e0\u00a0explorer\u00a0diff\u00e9rents\u00a0m\u00e9canismes\u00a0de\u00a0gouvernance\u00a0collective\u00a0des\u00a0donn\u00e9es\u00a0personnelles.<\/p>\t\t\t\t\t\t<\/div>\n\t\t\t\t<\/div>\n\t\t\t\t<\/div>\n\t\t\t\t<\/div>\n\t\t<div class=\"elementor-element elementor-element-09aa298 e-con-full e-flex e-con e-parent\" data-id=\"09aa298\" data-element_type=\"container\" data-settings=\"{&quot;content_width&quot;:&quot;full&quot;}\" data-core-v316-plus=\"true\">\n\t\t<div class=\"elementor-element elementor-element-2382876 e-con-full e-flex e-con e-child\" data-id=\"2382876\" data-element_type=\"container\" data-settings=\"{&quot;content_width&quot;:&quot;full&quot;}\">\n\t\t\t\t<div class=\"elementor-element elementor-element-9899376 elementor-widget elementor-widget-image\" data-id=\"9899376\" data-element_type=\"widget\" data-widget_type=\"image.default\">\n\t\t\t\t<div class=\"elementor-widget-container\">\n\t\t\t\t\t\t\t\t\t\t\t\t\t\t\t<img decoding=\"async\" src=\"https:\/\/versundroitneuroethique.eu\/wp-content\/uploads\/elementor\/thumbs\/E_Hary-rbsaes2zebkp9yic5yjffe9crrva52xmh20yz8sdzk.png\" title=\"E_Hary\" alt=\"E_Hary\" loading=\"lazy\" \/>\t\t\t\t\t\t\t\t\t\t\t\t\t\t\t<\/div>\n\t\t\t\t<\/div>\n\t\t\t\t<\/div>\n\t\t<div class=\"elementor-element elementor-element-25a8413 e-con-full e-flex e-con e-child\" data-id=\"25a8413\" data-element_type=\"container\" data-settings=\"{&quot;content_width&quot;:&quot;full&quot;}\">\n\t\t\t\t<div class=\"elementor-element elementor-element-f4f6329 elementor-widget elementor-widget-text-editor\" data-id=\"f4f6329\" data-element_type=\"widget\" data-widget_type=\"text-editor.default\">\n\t\t\t\t<div class=\"elementor-widget-container\">\n\t\t\t\t\t\t\t<p class=\"p1\"><span class=\"s1\"><b>Estelle Hary<\/b> est doctorante \u00e0 la RMIT University et affili\u00e9e au Centre de recherche en design (ENS-Paris-Saclay\/ENSCI-les Ateliers). Elle \u00e9tudie les modes de conception des algorithmes dans la fonction publique. Dipl\u00f4m\u00e9e\u00a0de\u00a0la\u00a0Haute\u00a0Ecole\u00a0d\u2019Arts\u00a0et\u00a0de\u00a0Design\u00a0de\u00a0Zurich,\u00a0elle\u00a0pilote\u00a0avec\u00a0les\u00a0m\u00e9thodes\u00a0du\u00a0design\u00a0des\u00a0projets\u00a0de\u00a0recherche\u00a0sur\u00a0la\u00a0mise\u00a0en\u00a0\u0153uvre\u00a0du\u00a0RGPD\u00a0(transparence,\u00a0privacy\u00a0by\u00a0design,\u00a0etc.)\u00a0dont\u00a0une\u00a0partie\u00a0est\u00a0publi\u00e9e\u00a0sur\u00a0:\u00a0<a href=\"http:\/\/design.cnil.fr\/\"><span class=\"s2\">http:\/\/design.cnil.fr<\/span><\/a>. En parall\u00e8le, elle contribue activement aux travaux sur les dark patterns du Comit\u00e9 europ\u00e9en \u00e0 la protection des donn\u00e9es.\u00a0 Ant\u00e9rieurement, elle a \u00e9t\u00e9 designer au Laboratoire d\u2019Innovation Num\u00e9rique de la CNIL (LINC).\u00a0<\/span><\/p>\t\t\t\t\t\t<\/div>\n\t\t\t\t<\/div>\n\t\t\t\t<\/div>\n\t\t\t\t<\/div>\n\t\t<div class=\"elementor-element elementor-element-5523953 e-con-full e-flex e-con e-parent\" data-id=\"5523953\" data-element_type=\"container\" data-settings=\"{&quot;content_width&quot;:&quot;full&quot;}\" data-core-v316-plus=\"true\">\n\t\t<div class=\"elementor-element elementor-element-35d24a6 e-con-full e-flex e-con e-child\" data-id=\"35d24a6\" data-element_type=\"container\" data-settings=\"{&quot;content_width&quot;:&quot;full&quot;}\">\n\t\t\t\t<div class=\"elementor-element elementor-element-2f2f589 elementor-widget elementor-widget-image\" data-id=\"2f2f589\" data-element_type=\"widget\" data-widget_type=\"image.default\">\n\t\t\t\t<div class=\"elementor-widget-container\">\n\t\t\t\t\t\t\t\t\t\t\t\t\t\t\t<img decoding=\"async\" src=\"https:\/\/versundroitneuroethique.eu\/wp-content\/uploads\/elementor\/thumbs\/N_MAUDET-rbsaeuwhytok8se8phrb4vjqjxhds68thfzff2o7gw.png\" title=\"N_MAUDET\" alt=\"N_MAUDET\" loading=\"lazy\" \/>\t\t\t\t\t\t\t\t\t\t\t\t\t\t\t<\/div>\n\t\t\t\t<\/div>\n\t\t\t\t<\/div>\n\t\t<div class=\"elementor-element elementor-element-fd8affc e-con-full e-flex e-con e-child\" data-id=\"fd8affc\" data-element_type=\"container\" data-settings=\"{&quot;content_width&quot;:&quot;full&quot;}\">\n\t\t\t\t<div class=\"elementor-element elementor-element-5315490 elementor-widget elementor-widget-text-editor\" data-id=\"5315490\" data-element_type=\"widget\" data-widget_type=\"text-editor.default\">\n\t\t\t\t<div class=\"elementor-widget-container\">\n\t\t\t\t\t\t\t<p class=\"p1\"><span class=\"s1\"><b>Nolwenn Maudet <\/b>est ma\u00eetre de conf\u00e9rences en design \u00e0 l&rsquo;Universit\u00e9 de Strasbourg. Elle est l&rsquo;auteur d&rsquo;une th\u00e8se intitul\u00e9e\u00a0<i>Designing Design Tools<\/i>, sous la direction scientifique de <b>Wendy Mackay &amp; Michel Beaudouin-Lafon <\/b>\u00e0 l&rsquo;University Paris-Saclay. Elle est actuellement affili\u00e9e \u00e0 l\u2019\u00e9quipe de recherche ACCRA et membre des groupes de recherche culturesvisuelles et limitesnum\u00e9riques. Elle est membre du comit\u00e9 de r\u00e9daction de la revue design arts m\u00e9dias. Elle s\u2019int\u00e9resse aux pratiques du design dans toutes leurs dimensions et explore aussi les multiples interactions entre le design et le num\u00e9rique.<\/span><\/p>\t\t\t\t\t\t<\/div>\n\t\t\t\t<\/div>\n\t\t\t\t<\/div>\n\t\t\t\t<\/div>\n\t\t<div class=\"elementor-element elementor-element-1fc6154 e-con-full e-flex e-con e-parent\" data-id=\"1fc6154\" data-element_type=\"container\" data-settings=\"{&quot;content_width&quot;:&quot;full&quot;}\" data-core-v316-plus=\"true\">\n\t\t<div class=\"elementor-element elementor-element-bc9d867 e-con-full e-flex e-con e-child\" data-id=\"bc9d867\" data-element_type=\"container\" data-settings=\"{&quot;content_width&quot;:&quot;full&quot;}\">\n\t\t\t\t<div class=\"elementor-element elementor-element-6e75459 elementor-widget elementor-widget-image\" data-id=\"6e75459\" data-element_type=\"widget\" data-widget_type=\"image.default\">\n\t\t\t\t<div class=\"elementor-widget-container\">\n\t\t\t\t\t\t\t\t\t\t\t\t\t\t\t<img decoding=\"async\" src=\"https:\/\/versundroitneuroethique.eu\/wp-content\/uploads\/elementor\/thumbs\/K.-Pineau-rbsaet0tl5lzlkgz0gy1zw0td5qncs1ct6oggiqztc.png\" title=\"K.-Pineau\" alt=\"K.-Pineau\" loading=\"lazy\" \/>\t\t\t\t\t\t\t\t\t\t\t\t\t\t\t<\/div>\n\t\t\t\t<\/div>\n\t\t\t\t<\/div>\n\t\t<div class=\"elementor-element elementor-element-354b6fc e-con-full e-flex e-con e-child\" data-id=\"354b6fc\" data-element_type=\"container\" data-settings=\"{&quot;content_width&quot;:&quot;full&quot;}\">\n\t\t\t\t<div class=\"elementor-element elementor-element-9a4c198 elementor-widget elementor-widget-text-editor\" data-id=\"9a4c198\" data-element_type=\"widget\" data-widget_type=\"text-editor.default\">\n\t\t\t\t<div class=\"elementor-widget-container\">\n\t\t\t\t\t\t\t<p class=\"p1\"><span class=\"s1\"><b>Karl Pineau e<\/b>st enseignant-chercheur en sciences de l&rsquo;information et de la communication. Il est directeur du Media Design lab de L&rsquo;\u00c9cole de Design Nantes Atlantique. Par ailleurs, il est co-fondateur des Designers \u00c9thiques, association de recherche-action sur le num\u00e9rique et les pratiques de design. Titulaire d\u2019un doctorat\u00a0en sciences de l&rsquo;information et de la communication au laboratoire Costech de l&rsquo;Universit\u00e9 de technologie de Compi\u00e8gne, sa th\u00e8se est intitul\u00e9e \u00ab\u00a0Le dossier d\u2019\u0153uvre et les mus\u00e9es. Un dossier pour grammatiser les \u0153uvres\u00a0\u00bb.<\/span><\/p>\t\t\t\t\t\t<\/div>\n\t\t\t\t<\/div>\n\t\t\t\t<\/div>\n\t\t\t\t<\/div>\n\t\t<div class=\"elementor-element elementor-element-027a789 e-con-full e-flex e-con e-parent\" data-id=\"027a789\" data-element_type=\"container\" data-settings=\"{&quot;content_width&quot;:&quot;full&quot;}\" data-core-v316-plus=\"true\">\n\t\t<div class=\"elementor-element elementor-element-444c749 e-con-full e-flex e-con e-child\" data-id=\"444c749\" data-element_type=\"container\" data-settings=\"{&quot;content_width&quot;:&quot;full&quot;}\">\n\t\t\t\t<div class=\"elementor-element elementor-element-ae6d89d elementor-widget elementor-widget-image\" data-id=\"ae6d89d\" data-element_type=\"widget\" data-widget_type=\"image.default\">\n\t\t\t\t<div class=\"elementor-widget-container\">\n\t\t\t\t\t\t\t\t\t\t\t\t\t\t\t<img decoding=\"async\" src=\"https:\/\/versundroitneuroethique.eu\/wp-content\/uploads\/elementor\/thumbs\/M.-Portilla-rbsaetynrzn9x6fluzcokds9yjm0kh535bbxxspln4.png\" title=\"M.-Portilla\" alt=\"M.-Portilla\" loading=\"lazy\" \/>\t\t\t\t\t\t\t\t\t\t\t\t\t\t\t<\/div>\n\t\t\t\t<\/div>\n\t\t\t\t<\/div>\n\t\t<div class=\"elementor-element elementor-element-de6de06 e-con-full e-flex e-con e-child\" data-id=\"de6de06\" data-element_type=\"container\" data-settings=\"{&quot;content_width&quot;:&quot;full&quot;}\">\n\t\t\t\t<div class=\"elementor-element elementor-element-238d80a elementor-widget elementor-widget-text-editor\" data-id=\"238d80a\" data-element_type=\"widget\" data-widget_type=\"text-editor.default\">\n\t\t\t\t<div class=\"elementor-widget-container\">\n\t\t\t\t\t\t\t<p class=\"p1\"><span class=\"s1\"><b>Melissa Portilla<\/b>\u00a0est designer de services et designer produit, et travaille au BIT France depuis 2021. Elle dirige y dirige un programme visant \u00e0 int\u00e9grer les m\u00e9thodes de design et les sciences comportementales, et g\u00e8re des projets visant \u00e0 fournir un acc\u00e8s aux services publics et \u00e0 la culture pour les jeunes et les publics \u00e9loign\u00e9s.<\/span><\/p>\t\t\t\t\t\t<\/div>\n\t\t\t\t<\/div>\n\t\t\t\t<\/div>\n\t\t\t\t<\/div>\n\t\t<div class=\"elementor-element elementor-element-7935e87 e-con-full e-flex e-con e-parent\" data-id=\"7935e87\" data-element_type=\"container\" data-settings=\"{&quot;content_width&quot;:&quot;full&quot;}\" data-core-v316-plus=\"true\">\n\t\t<div class=\"elementor-element elementor-element-138ac8b e-con-full e-flex e-con e-child\" data-id=\"138ac8b\" data-element_type=\"container\" data-settings=\"{&quot;content_width&quot;:&quot;full&quot;}\">\n\t\t\t\t<div class=\"elementor-element elementor-element-3ce38aa elementor-widget elementor-widget-image\" data-id=\"3ce38aa\" data-element_type=\"widget\" data-widget_type=\"image.default\">\n\t\t\t\t<div class=\"elementor-widget-container\">\n\t\t\t\t\t\t\t\t\t\t\t\t\t\t\t<img decoding=\"async\" src=\"https:\/\/versundroitneuroethique.eu\/wp-content\/uploads\/elementor\/thumbs\/T.-Adhumeau-rbsaeuwhytok8se8phrb4vjqjxhds68thfzff2o7gw.png\" title=\"T.-Adhumeau\" alt=\"T.-Adhumeau\" loading=\"lazy\" \/>\t\t\t\t\t\t\t\t\t\t\t\t\t\t\t<\/div>\n\t\t\t\t<\/div>\n\t\t\t\t<\/div>\n\t\t<div class=\"elementor-element elementor-element-de6819e e-con-full e-flex e-con e-child\" data-id=\"de6819e\" data-element_type=\"container\" data-settings=\"{&quot;content_width&quot;:&quot;full&quot;}\">\n\t\t\t\t<div class=\"elementor-element elementor-element-47e47d4 elementor-widget elementor-widget-text-editor\" data-id=\"47e47d4\" data-element_type=\"widget\" data-widget_type=\"text-editor.default\">\n\t\t\t\t<div class=\"elementor-widget-container\">\n\t\t\t\t\t\t\t<p class=\"p1\"><span class=\"s1\"><b>Thomas Adhumeau<\/b> est <i>Chief Privacy Officer <\/i>chez Didomi. Il est avocat fran\u00e7ais sp\u00e9cialis\u00e9 en droit commercial et en droit des technologies de l&rsquo;information, certifi\u00e9 professionnel de la protection des donn\u00e9es par l&rsquo;IAPP.<\/span><\/p>\t\t\t\t\t\t<\/div>\n\t\t\t\t<\/div>\n\t\t\t\t<\/div>\n\t\t\t\t<\/div>\n\t\t<div class=\"elementor-element elementor-element-3d3de80 e-con-full e-flex e-con e-parent\" data-id=\"3d3de80\" data-element_type=\"container\" data-settings=\"{&quot;content_width&quot;:&quot;full&quot;}\" data-core-v316-plus=\"true\">\n\t\t<div class=\"elementor-element elementor-element-8f26772 e-con-full e-flex e-con e-child\" data-id=\"8f26772\" data-element_type=\"container\" data-settings=\"{&quot;content_width&quot;:&quot;full&quot;}\">\n\t\t\t\t<div class=\"elementor-element elementor-element-ccef70f elementor-widget elementor-widget-image\" data-id=\"ccef70f\" data-element_type=\"widget\" data-widget_type=\"image.default\">\n\t\t\t\t<div class=\"elementor-widget-container\">\n\t\t\t\t\t\t\t\t\t\t\t\t\t\t\t<img decoding=\"async\" src=\"https:\/\/versundroitneuroethique.eu\/wp-content\/uploads\/elementor\/thumbs\/F_brochier-rbsaes2zebkp9yic5yjffe9crrva52xmh20yz8sdzk.png\" title=\"F_brochier\" alt=\"F_brochier\" loading=\"lazy\" \/>\t\t\t\t\t\t\t\t\t\t\t\t\t\t\t<\/div>\n\t\t\t\t<\/div>\n\t\t\t\t<\/div>\n\t\t<div class=\"elementor-element elementor-element-39306cf e-con-full e-flex e-con e-child\" data-id=\"39306cf\" data-element_type=\"container\" data-settings=\"{&quot;content_width&quot;:&quot;full&quot;}\">\n\t\t\t\t<div class=\"elementor-element elementor-element-70cd6d0 elementor-widget elementor-widget-text-editor\" data-id=\"70cd6d0\" data-element_type=\"widget\" data-widget_type=\"text-editor.default\">\n\t\t\t\t<div class=\"elementor-widget-container\">\n\t\t\t\t\t\t\t<p class=\"p1\"><span class=\"s1\"><b>Flora Brochier <\/b>est doctorante en design sur la question de l&rsquo;\u00e9valuation et la mod\u00e9lisation des <i>dark patterns<\/i> avec Designers \u00c9thiques. Elle est \u00e9galement designer UX et de services ind\u00e9pendante.<\/span><\/p>\t\t\t\t\t\t<\/div>\n\t\t\t\t<\/div>\n\t\t\t\t<\/div>\n\t\t\t\t<\/div>\n\t\t<div class=\"elementor-element elementor-element-21d755f e-con-full e-flex e-con e-parent\" data-id=\"21d755f\" data-element_type=\"container\" data-settings=\"{&quot;content_width&quot;:&quot;full&quot;}\" data-core-v316-plus=\"true\">\n\t\t<div class=\"elementor-element elementor-element-767210e e-con-full e-flex e-con e-child\" data-id=\"767210e\" data-element_type=\"container\" data-settings=\"{&quot;content_width&quot;:&quot;full&quot;}\">\n\t\t\t\t<div class=\"elementor-element elementor-element-e255029 elementor-widget elementor-widget-image\" data-id=\"e255029\" data-element_type=\"widget\" data-widget_type=\"image.default\">\n\t\t\t\t<div class=\"elementor-widget-container\">\n\t\t\t\t\t\t\t\t\t\t\t\t\t\t\t<img decoding=\"async\" src=\"https:\/\/versundroitneuroethique.eu\/wp-content\/uploads\/elementor\/thumbs\/M.-Potel-rbsaetynrzn9x6fluzcokds9yjm0kh535bbxxspln4.png\" title=\"M.-Potel\" alt=\"M.-Potel\" loading=\"lazy\" \/>\t\t\t\t\t\t\t\t\t\t\t\t\t\t\t<\/div>\n\t\t\t\t<\/div>\n\t\t\t\t<\/div>\n\t\t<div class=\"elementor-element elementor-element-26413d6 e-con-full e-flex e-con e-child\" data-id=\"26413d6\" data-element_type=\"container\" data-settings=\"{&quot;content_width&quot;:&quot;full&quot;}\">\n\t\t\t\t<div class=\"elementor-element elementor-element-1bb09db elementor-widget elementor-widget-text-editor\" data-id=\"1bb09db\" data-element_type=\"widget\" data-widget_type=\"text-editor.default\">\n\t\t\t\t<div class=\"elementor-widget-container\">\n\t\t\t\t\t\t\t<p class=\"p1\"><span class=\"s1\"><b>Marie Potel-Saville <\/b>est titulaire du Master Innovation by Design de l\u2019ENSCI \u2013 Les Ateliers. Elle a fond\u00e9 <a href=\"http:\/\/www.fairpatterns.com\/\"><span class=\"s2\">FairPatterns<\/span><\/a>, une solution pour d\u00e9tecter et rem\u00e9dier les dark patterns \u00e0 grande \u00e9chelle, et <a href=\"https:\/\/amurabi.website\/en\/\"><span class=\"s2\">Amurabi<\/span><\/a>, un studio d\u2019innovation prim\u00e9 sp\u00e9cialis\u00e9 dans le design \u00e9thique, respectueux de la vie priv\u00e9e et adapt\u00e9 \u00e0 l\u2019\u00e2ge des utilisateurs. Elle fait en outre partie du Pool de soutien d\u2019experts du Comit\u00e9 europ\u00e9en de la protection des donn\u00e9es sur les dark patterns.\u00a0<\/span><\/p>\t\t\t\t\t\t<\/div>\n\t\t\t\t<\/div>\n\t\t\t\t<\/div>\n\t\t\t\t<\/div>\n\t\t<div class=\"elementor-element elementor-element-9c0845e e-con-full e-flex e-con e-parent\" data-id=\"9c0845e\" data-element_type=\"container\" data-settings=\"{&quot;content_width&quot;:&quot;full&quot;}\" data-core-v316-plus=\"true\">\n\t\t<div class=\"elementor-element elementor-element-4272771 e-con-full e-flex e-con e-child\" data-id=\"4272771\" data-element_type=\"container\" data-settings=\"{&quot;content_width&quot;:&quot;full&quot;}\">\n\t\t\t\t<div class=\"elementor-element elementor-element-1aee558 elementor-widget elementor-widget-image\" data-id=\"1aee558\" data-element_type=\"widget\" data-widget_type=\"image.default\">\n\t\t\t\t<div class=\"elementor-widget-container\">\n\t\t\t\t\t\t\t\t\t\t\t\t\t\t\t<img decoding=\"async\" src=\"https:\/\/versundroitneuroethique.eu\/wp-content\/uploads\/elementor\/thumbs\/C.-Gray-rbsaer557hjeycjpbg4suwhw6dzwxdtw4xdhhyts5s.png\" title=\"C.-Gray\" alt=\"C.-Gray\" loading=\"lazy\" \/>\t\t\t\t\t\t\t\t\t\t\t\t\t\t\t<\/div>\n\t\t\t\t<\/div>\n\t\t\t\t<\/div>\n\t\t<div class=\"elementor-element elementor-element-209170f e-con-full e-flex e-con e-child\" data-id=\"209170f\" data-element_type=\"container\" data-settings=\"{&quot;content_width&quot;:&quot;full&quot;}\">\n\t\t\t\t<div class=\"elementor-element elementor-element-fb1e338 elementor-widget elementor-widget-text-editor\" data-id=\"fb1e338\" data-element_type=\"widget\" data-widget_type=\"text-editor.default\">\n\t\t\t\t<div class=\"elementor-widget-container\">\n\t\t\t\t\t\t\t<p class=\"p1\"><span class=\"s1\"><b>Colin Gray <\/b>est professeur associ\u00e9 \u00e0 la <a href=\"https:\/\/luddy.indiana.edu\/\"><span class=\"s2\">Luddy School of Informatics, Computing, and Engineering<\/span><\/a> de l&rsquo;universit\u00e9 d&rsquo;Indiana \u00e0 Bloomington, o\u00f9 il dirige le <a href=\"https:\/\/hcid.luddy.indiana.edu\/\"><span class=\"s2\">programme de conception d&rsquo;interactions homme-machine (HCI\/d)<\/span><\/a>. Il est \u00e9galement professeur invit\u00e9 \u00e0 l&rsquo;universit\u00e9 normale de P\u00e9kin et chercheur invit\u00e9 \u00e0 l&rsquo;universit\u00e9 de Northumbria.Il est titulaire d&rsquo;un doctorat en technologie des syst\u00e8mes p\u00e9dagogiques de l&rsquo;universit\u00e9 d&rsquo;Indiana \u00e0 Bloomington, d&rsquo;une ma\u00eetrise en technologie \u00e9ducative de l&rsquo;universit\u00e9 de Caroline du Sud et d&rsquo;une ma\u00eetrise en design graphique du Savannah College of Art &amp; Design. Il a travaill\u00e9 comme directeur artistique, designer contractuel et formateur, et son implication dans le travail de conception nourrit ses recherches sur l&rsquo;activit\u00e9 de conception et la mani\u00e8re dont les comp\u00e9tences en conception s&rsquo;acqui\u00e8rent<\/span><\/p>\t\t\t\t\t\t<\/div>\n\t\t\t\t<\/div>\n\t\t\t\t<\/div>\n\t\t\t\t<\/div>\n\t\t<div class=\"elementor-element elementor-element-832031c e-con-full e-flex e-con e-parent\" data-id=\"832031c\" data-element_type=\"container\" data-settings=\"{&quot;content_width&quot;:&quot;full&quot;}\" data-core-v316-plus=\"true\">\n\t\t<div class=\"elementor-element elementor-element-bb59809 e-con-full e-flex e-con e-child\" data-id=\"bb59809\" data-element_type=\"container\" data-settings=\"{&quot;content_width&quot;:&quot;full&quot;}\">\n\t\t\t\t<div class=\"elementor-element elementor-element-11df585 elementor-widget elementor-widget-image\" data-id=\"11df585\" data-element_type=\"widget\" data-widget_type=\"image.default\">\n\t\t\t\t<div class=\"elementor-widget-container\">\n\t\t\t\t\t\t\t\t\t\t\t\t\t\t\t<img decoding=\"async\" src=\"https:\/\/versundroitneuroethique.eu\/wp-content\/uploads\/elementor\/thumbs\/A.-Petty-rbsaer557hjeycjpbg4suwhw6dzwxdtw4xdhhyts5s.png\" title=\"A.-Petty\" alt=\"A.-Petty\" loading=\"lazy\" \/>\t\t\t\t\t\t\t\t\t\t\t\t\t\t\t<\/div>\n\t\t\t\t<\/div>\n\t\t\t\t<\/div>\n\t\t<div class=\"elementor-element elementor-element-ce80dac e-con-full e-flex e-con e-child\" data-id=\"ce80dac\" data-element_type=\"container\" data-settings=\"{&quot;content_width&quot;:&quot;full&quot;}\">\n\t\t\t\t<div class=\"elementor-element elementor-element-3f63d5c elementor-widget elementor-widget-text-editor\" data-id=\"3f63d5c\" data-element_type=\"widget\" data-widget_type=\"text-editor.default\">\n\t\t\t\t<div class=\"elementor-widget-container\">\n\t\t\t\t\t\t\t<p class=\"p1\"><span class=\"s1\"><b>Audrey Pety<\/b> est designeuse d&rsquo;interactions au Laboratoire d&rsquo;innovation num\u00e9rique de la CNIL (LINC). Avec un cursus de cr\u00e9ation industrielle \u00e0 l&rsquo;ENSCI &#8211; les ateliers (Paris), elle d\u00e9veloppe des dispositifs participatifs de m\u00e9diation et de datavisualisation, notamment aupr\u00e8s du studio SOC. Depuis 2022, elle s&rsquo;int\u00e9resse \u00e0 l&rsquo;archivage du patrimoine nativement num\u00e9rique en dialogue avec le D\u00e9p\u00f4t L\u00e9gal du Web Fran\u00e7ais (BNF). Elle arrive au LINC en 2023 pour outiller la conception d&rsquo;une exp\u00e9rience utilisateur respectueuse de la vie priv\u00e9e, dans une d\u00e9marche de co-construction et d&rsquo;accompagnement.\u00a0<\/span><\/p>\t\t\t\t\t\t<\/div>\n\t\t\t\t<\/div>\n\t\t\t\t<\/div>\n\t\t\t\t<\/div>\n\t\t<div class=\"elementor-element elementor-element-fd2b5b9 e-con-full e-flex e-con e-parent\" data-id=\"fd2b5b9\" data-element_type=\"container\" data-settings=\"{&quot;content_width&quot;:&quot;full&quot;}\" data-core-v316-plus=\"true\">\n\t\t<div class=\"elementor-element elementor-element-df4faf9 e-con-full e-flex e-con e-child\" data-id=\"df4faf9\" data-element_type=\"container\" data-settings=\"{&quot;content_width&quot;:&quot;full&quot;}\">\n\t\t\t\t<div class=\"elementor-element elementor-element-b0a6112 elementor-widget elementor-widget-image\" data-id=\"b0a6112\" data-element_type=\"widget\" data-widget_type=\"image.default\">\n\t\t\t\t<div class=\"elementor-widget-container\">\n\t\t\t\t\t\t\t\t\t\t\t\t\t\t\t<img decoding=\"async\" src=\"https:\/\/versundroitneuroethique.eu\/wp-content\/uploads\/elementor\/thumbs\/T.-Stampelos-rbsaevuc5npukecvk05xpdb75bcqzvcjtkmwwcmtao.png\" title=\"T.-Stampelos\" alt=\"T.-Stampelos\" loading=\"lazy\" \/>\t\t\t\t\t\t\t\t\t\t\t\t\t\t\t<\/div>\n\t\t\t\t<\/div>\n\t\t\t\t<\/div>\n\t\t<div class=\"elementor-element elementor-element-2a4a448 e-con-full e-flex e-con e-child\" data-id=\"2a4a448\" data-element_type=\"container\" data-settings=\"{&quot;content_width&quot;:&quot;full&quot;}\">\n\t\t\t\t<div class=\"elementor-element elementor-element-10021d1 elementor-widget elementor-widget-text-editor\" data-id=\"10021d1\" data-element_type=\"widget\" data-widget_type=\"text-editor.default\">\n\t\t\t\t<div class=\"elementor-widget-container\">\n\t\t\t\t\t\t\t<p class=\"p1\"><span class=\"s1\"><b>Tasos Stampelos<\/b> est sp\u00e9cialis\u00e9 dans les politiques publiques et les relations gouvernementales, pour la mise en \u0153uvre de strat\u00e9gies non commerciales, la traduction des objectifs commerciaux en r\u00e9sultats politiques et l&rsquo;anticipation des risques r\u00e9glementaires. Il est actuellement responsable des politiques publiques et des relations gouvernementales au niveau europ\u00e9en pour Mozilla.<\/span><\/p>\t\t\t\t\t\t<\/div>\n\t\t\t\t<\/div>\n\t\t\t\t<\/div>\n\t\t\t\t<\/div>\n\t\t<div class=\"elementor-element elementor-element-bcc2a9a e-con-full e-flex e-con e-parent\" data-id=\"bcc2a9a\" data-element_type=\"container\" data-settings=\"{&quot;content_width&quot;:&quot;full&quot;}\" data-core-v316-plus=\"true\">\n\t\t<div class=\"elementor-element elementor-element-1fdaf51 e-con-full e-flex e-con e-child\" data-id=\"1fdaf51\" data-element_type=\"container\" data-settings=\"{&quot;content_width&quot;:&quot;full&quot;}\">\n\t\t\t\t<div class=\"elementor-element elementor-element-7767a1a elementor-widget elementor-widget-image\" data-id=\"7767a1a\" data-element_type=\"widget\" data-widget_type=\"image.default\">\n\t\t\t\t<div class=\"elementor-widget-container\">\n\t\t\t\t\t\t\t\t\t\t\t\t\t\t\t<img decoding=\"async\" src=\"https:\/\/versundroitneuroethique.eu\/wp-content\/uploads\/elementor\/thumbs\/D.-Boullier-qeaawy8d744ur5yk4u79acyrvg2gloox21ruo9xw40.png\" title=\"D.-Boullier\u2019\" alt=\"D.-Boullier&apos;\" loading=\"lazy\" \/>\t\t\t\t\t\t\t\t\t\t\t\t\t\t\t<\/div>\n\t\t\t\t<\/div>\n\t\t\t\t<\/div>\n\t\t<div class=\"elementor-element elementor-element-a501859 e-con-full e-flex e-con e-child\" data-id=\"a501859\" data-element_type=\"container\" data-settings=\"{&quot;content_width&quot;:&quot;full&quot;}\">\n\t\t\t\t<div class=\"elementor-element elementor-element-df6d7e1 elementor-widget elementor-widget-text-editor\" data-id=\"df6d7e1\" data-element_type=\"widget\" data-widget_type=\"text-editor.default\">\n\t\t\t\t<div class=\"elementor-widget-container\">\n\t\t\t\t\t\t\t<p class=\"p1\"><span class=\"s1\"><b>Dominique\u00a0Boullier\u00a0<\/b>est\u00a0sociologue,\u00a0Professeur\u00a0des\u00a0universit\u00e9s\u00a0\u00e9m\u00e9rite\u00a0\u00e0\u00a0Sciences\u00a0Po\u00a0Paris,\u00a0sp\u00e9cialiste\u00a0des\u00a0technologies\u00a0cognitives\u00a0et\u00a0des\u00a0propagations\u00a0et\u00a0chercheur\u00a0au\u00a0CEE\u00a0(Centre\u00a0d\u2019Etudes\u00a0Europ\u00e9ennes\u00a0et\u00a0de\u00a0Politique\u00a0Compar\u00e9e).\u00a0Il\u00a0est\u00a0un\u00a0observateur\u00a0attentif\u00a0des\u00a0usages\u00a0de\u00a0l\u2019internet\u00a0et\u00a0auteur\u00a0de\u00a0plusieurs\u00a0ouvrages\u00a0de\u00a0r\u00e9f\u00e9rence\u00a0:\u00a0<i>Sociologie\u00a0du\u00a0num\u00e9rique<\/i>,\u00a0Armand\u00a0Colin,\u00a02\u00e8me\u00a0\u00e9d.,\u00a02019\u00a0;\u00a0<i>Comment\u00a0sortir\u00a0de\u00a0l\u2019emprise\u00a0des\u00a0r\u00e9seaux\u00a0sociaux\u00a0?<\/i>,\u00a0\u00e9d.\u00a0Le\u00a0Passeur,\u00a02020\u00a0;\u00a0<i>Propagations.\u00a0Un\u00a0nouveau\u00a0paradigme\u00a0pour\u00a0les\u00a0sciences\u00a0sociales<\/i>, Armand Colin, 2023.<\/span><\/p>\t\t\t\t\t\t<\/div>\n\t\t\t\t<\/div>\n\t\t\t\t<\/div>\n\t\t\t\t<\/div>\n\t\t<div class=\"elementor-element elementor-element-38229c3 e-flex e-con-boxed e-con e-parent\" data-id=\"38229c3\" data-element_type=\"container\" data-settings=\"{&quot;content_width&quot;:&quot;boxed&quot;}\" data-core-v316-plus=\"true\">\n\t\t\t\t\t<div class=\"e-con-inner\">\n\t\t<div class=\"elementor-element elementor-element-97fd466 e-con-full e-flex e-con e-child\" data-id=\"97fd466\" data-element_type=\"container\" data-settings=\"{&quot;content_width&quot;:&quot;full&quot;}\">\n\t\t\t\t<div class=\"elementor-element elementor-element-2002711 elementor-widget elementor-widget-shortcode\" data-id=\"2002711\" data-element_type=\"widget\" data-widget_type=\"shortcode.default\">\n\t\t\t\t<div class=\"elementor-widget-container\">\n\t\t\t\t\t<div class=\"elementor-shortcode\"><iframe loading=\"lazy\" width=\"560\" height=\"315\" src=\"https:\/\/www.canal-u.tv\/chaines\/vdn\/embed\/165948?t=0\" allowfullscreen><\/iframe><\/div>\n\t\t\t\t<\/div>\n\t\t\t\t<\/div>\n\t\t\t\t<\/div>\n\t\t<div class=\"elementor-element elementor-element-0636bb6 e-con-full e-flex e-con e-child\" data-id=\"0636bb6\" data-element_type=\"container\" data-settings=\"{&quot;content_width&quot;:&quot;full&quot;}\">\n\t\t\t\t<div class=\"elementor-element elementor-element-6b9bbc9 elementor-widget elementor-widget-shortcode\" data-id=\"6b9bbc9\" data-element_type=\"widget\" data-widget_type=\"shortcode.default\">\n\t\t\t\t<div class=\"elementor-widget-container\">\n\t\t\t\t\t<div class=\"elementor-shortcode\"><iframe loading=\"lazy\" width=\"560\" height=\"315\" src=\"https:\/\/www.canal-u.tv\/chaines\/vdn\/embed\/165956?t=0\" allowfullscreen><\/iframe><\/div>\n\t\t\t\t<\/div>\n\t\t\t\t<\/div>\n\t\t\t\t<\/div>\n\t\t\t\t\t<\/div>\n\t\t\t\t<\/div>\n\t\t<div class=\"elementor-element elementor-element-1cda21a e-flex e-con-boxed e-con e-parent\" data-id=\"1cda21a\" data-element_type=\"container\" data-settings=\"{&quot;content_width&quot;:&quot;boxed&quot;}\" data-core-v316-plus=\"true\">\n\t\t\t\t\t<div class=\"e-con-inner\">\n\t\t<div class=\"elementor-element elementor-element-9221ae5 e-con-full e-flex e-con e-child\" data-id=\"9221ae5\" data-element_type=\"container\" data-settings=\"{&quot;content_width&quot;:&quot;full&quot;}\">\n\t\t\t\t<div class=\"elementor-element elementor-element-de127ea elementor-widget elementor-widget-shortcode\" data-id=\"de127ea\" data-element_type=\"widget\" data-widget_type=\"shortcode.default\">\n\t\t\t\t<div class=\"elementor-widget-container\">\n\t\t\t\t\t<div class=\"elementor-shortcode\"><iframe loading=\"lazy\" width=\"560\" height=\"315\" src=\"https:\/\/www.canal-u.tv\/chaines\/vdn\/embed\/165953?t=0\" allowfullscreen><\/iframe><\/div>\n\t\t\t\t<\/div>\n\t\t\t\t<\/div>\n\t\t\t\t<\/div>\n\t\t<div class=\"elementor-element elementor-element-8092939 e-con-full e-flex e-con e-child\" data-id=\"8092939\" data-element_type=\"container\" data-settings=\"{&quot;content_width&quot;:&quot;full&quot;}\">\n\t\t\t\t<div class=\"elementor-element elementor-element-f603555 elementor-widget elementor-widget-shortcode\" data-id=\"f603555\" data-element_type=\"widget\" data-widget_type=\"shortcode.default\">\n\t\t\t\t<div class=\"elementor-widget-container\">\n\t\t\t\t\t<div class=\"elementor-shortcode\"><iframe loading=\"lazy\" width=\"560\" height=\"315\" src=\"https:\/\/www.canal-u.tv\/chaines\/vdn\/embed\/165952?t=0\" allowfullscreen><\/iframe><\/div>\n\t\t\t\t<\/div>\n\t\t\t\t<\/div>\n\t\t\t\t<\/div>\n\t\t\t\t\t<\/div>\n\t\t\t\t<\/div>\n\t\t<div class=\"elementor-element elementor-element-89a2026 e-flex e-con-boxed e-con e-parent\" data-id=\"89a2026\" data-element_type=\"container\" data-settings=\"{&quot;content_width&quot;:&quot;boxed&quot;}\" data-core-v316-plus=\"true\">\n\t\t\t\t\t<div class=\"e-con-inner\">\n\t\t<div class=\"elementor-element elementor-element-9fc2300 e-con-full e-flex e-con e-child\" data-id=\"9fc2300\" data-element_type=\"container\" data-settings=\"{&quot;content_width&quot;:&quot;full&quot;}\">\n\t\t\t\t<div class=\"elementor-element elementor-element-4642a0c elementor-widget elementor-widget-shortcode\" data-id=\"4642a0c\" data-element_type=\"widget\" data-widget_type=\"shortcode.default\">\n\t\t\t\t<div class=\"elementor-widget-container\">\n\t\t\t\t\t<div class=\"elementor-shortcode\"><iframe loading=\"lazy\" width=\"560\" height=\"315\" src=\"https:\/\/www.canal-u.tv\/chaines\/vdn\/embed\/165957?t=0\" allowfullscreen><\/iframe><\/div>\n\t\t\t\t<\/div>\n\t\t\t\t<\/div>\n\t\t\t\t<\/div>\n\t\t<div class=\"elementor-element elementor-element-d5269f8 e-con-full e-flex e-con e-child\" data-id=\"d5269f8\" data-element_type=\"container\" data-settings=\"{&quot;content_width&quot;:&quot;full&quot;}\">\n\t\t\t\t<div class=\"elementor-element elementor-element-e9743de elementor-widget elementor-widget-shortcode\" data-id=\"e9743de\" data-element_type=\"widget\" data-widget_type=\"shortcode.default\">\n\t\t\t\t<div class=\"elementor-widget-container\">\n\t\t\t\t\t<div class=\"elementor-shortcode\"><iframe loading=\"lazy\" width=\"560\" height=\"315\" src=\"https:\/\/www.canal-u.tv\/chaines\/vdn\/embed\/165949?t=0\" allowfullscreen><\/iframe><\/div>\n\t\t\t\t<\/div>\n\t\t\t\t<\/div>\n\t\t\t\t<\/div>\n\t\t\t\t\t<\/div>\n\t\t\t\t<\/div>\n\t\t\t\t\t\t\t<\/div>\n\t\t","protected":false},"excerpt":{"rendered":"<p>Atelier Design En collaboration avec l\u2019\u00c9cole nationale sup\u00e9rieure de cr\u00e9ation industrielle (ENSCI), nous avons propos\u00e9 un nouvel atelier dans le prolongement de nos pr\u00e9c\u00e9dents \u00e9changes sur l\u2019\u00e9mergence d\u2019un droit neuro-\u00e9thique afin de lutter contre les pratiques num\u00e9riques d\u2019influence et de manipulation des consommateurs. Cet atelier, intitul\u00e9 \u00ab Vers un design neuro-\u00e9thique ? \u00bb, \u00e9tait organis\u00e9 [&hellip;]<\/p>\n","protected":false},"author":3,"featured_media":0,"parent":0,"menu_order":0,"comment_status":"closed","ping_status":"closed","template":"","meta":{"footnotes":""},"class_list":["post-1869","page","type-page","status-publish","hentry","entry"],"_links":{"self":[{"href":"https:\/\/versundroitneuroethique.eu\/index.php\/wp-json\/wp\/v2\/pages\/1869","targetHints":{"allow":["GET"]}}],"collection":[{"href":"https:\/\/versundroitneuroethique.eu\/index.php\/wp-json\/wp\/v2\/pages"}],"about":[{"href":"https:\/\/versundroitneuroethique.eu\/index.php\/wp-json\/wp\/v2\/types\/page"}],"author":[{"embeddable":true,"href":"https:\/\/versundroitneuroethique.eu\/index.php\/wp-json\/wp\/v2\/users\/3"}],"replies":[{"embeddable":true,"href":"https:\/\/versundroitneuroethique.eu\/index.php\/wp-json\/wp\/v2\/comments?post=1869"}],"version-history":[{"count":211,"href":"https:\/\/versundroitneuroethique.eu\/index.php\/wp-json\/wp\/v2\/pages\/1869\/revisions"}],"predecessor-version":[{"id":2129,"href":"https:\/\/versundroitneuroethique.eu\/index.php\/wp-json\/wp\/v2\/pages\/1869\/revisions\/2129"}],"wp:attachment":[{"href":"https:\/\/versundroitneuroethique.eu\/index.php\/wp-json\/wp\/v2\/media?parent=1869"}],"curies":[{"name":"wp","href":"https:\/\/api.w.org\/{rel}","templated":true}]}}